{"id":10582,"date":"2024-09-21T13:51:51","date_gmt":"2024-09-21T18:51:51","guid":{"rendered":"https:\/\/ojmr.ca\/fr\/direction\/"},"modified":"2026-06-16T19:41:16","modified_gmt":"2026-06-17T00:41:16","slug":"direction","status":"publish","type":"page","link":"https:\/\/ojmr.ca\/en\/history-mission\/direction\/","title":{"rendered":"Management"},"content":{"rendered":"\n<div class=\"wp-block-cover\"><img loading=\"lazy\" decoding=\"async\" width=\"5760\" height=\"3840\" class=\"wp-block-cover__image-background wp-image-10551\" alt=\"\" src=\"https:\/\/ojmr.ca\/wp-content\/uploads\/2024\/09\/V8A4323-1.jpg\" data-object-fit=\"cover\" srcset=\"https:\/\/ojmr.ca\/wp-content\/uploads\/2024\/09\/V8A4323-1.jpg 5760w, https:\/\/ojmr.ca\/wp-content\/uploads\/2024\/09\/V8A4323-1-300x200.jpg 300w, https:\/\/ojmr.ca\/wp-content\/uploads\/2024\/09\/V8A4323-1-1024x683.jpg 1024w, https:\/\/ojmr.ca\/wp-content\/uploads\/2024\/09\/V8A4323-1-768x512.jpg 768w, https:\/\/ojmr.ca\/wp-content\/uploads\/2024\/09\/V8A4323-1-1536x1024.jpg 1536w, https:\/\/ojmr.ca\/wp-content\/uploads\/2024\/09\/V8A4323-1-2048x1365.jpg 2048w, https:\/\/ojmr.ca\/wp-content\/uploads\/2024\/09\/V8A4323-1-1200x800.jpg 1200w, https:\/\/ojmr.ca\/wp-content\/uploads\/2024\/09\/V8A4323-1-90x60.jpg 90w, https:\/\/ojmr.ca\/wp-content\/uploads\/2024\/09\/V8A4323-1-135x90.jpg 135w\" sizes=\"auto, (max-width: 5760px) 100vw, 5760px\" \/><span aria-hidden=\"true\" class=\"wp-block-cover__background has-very-light-gray-background-color has-background-dim-20 has-background-dim\"><\/span><div class=\"wp-block-cover__inner-container is-layout-flow wp-block-cover-is-layout-flow\">\n<p class=\"has-text-align-center has-large-font-size wp-block-paragraph\"><\/p>\n<\/div><\/div>\n\n\n\n<h1 class=\"wp-block-heading has-text-align-center has-huge-font-size\">Artistic Team<\/h1>\n\n\n\n<div style=\"height:100px\" aria-hidden=\"true\" class=\"wp-block-spacer\"><\/div>\n\n\n\n<div class=\"wp-block-columns is-layout-flex wp-container-core-columns-is-layout-7387b849 wp-block-columns-is-layout-flex\">\n<div class=\"wp-block-column is-layout-flow wp-block-column-is-layout-flow\">\n<p class=\"has-text-align-center has-large-font-size wp-block-paragraph\"><strong>Jean MacRae, Artistic Director<\/strong><\/p>\n\n\n\n<figure class=\"wp-block-image size-full is-resized\"><img loading=\"lazy\" decoding=\"async\" width=\"458\" height=\"641\" src=\"https:\/\/ojmr.ca\/wp-content\/uploads\/2024\/09\/JeanMacRae_5x7-7697.jpg\" alt=\"\" class=\"wp-image-10564\" style=\"width:564px;height:auto\" srcset=\"https:\/\/ojmr.ca\/wp-content\/uploads\/2024\/09\/JeanMacRae_5x7-7697.jpg 458w, https:\/\/ojmr.ca\/wp-content\/uploads\/2024\/09\/JeanMacRae_5x7-7697-214x300.jpg 214w, https:\/\/ojmr.ca\/wp-content\/uploads\/2024\/09\/JeanMacRae_5x7-7697-43x60.jpg 43w, https:\/\/ojmr.ca\/wp-content\/uploads\/2024\/09\/JeanMacRae_5x7-7697-64x90.jpg 64w\" sizes=\"auto, (max-width: 458px) 100vw, 458px\" \/><\/figure>\n<\/div>\n\n\n\n<div class=\"wp-block-column is-layout-flow wp-block-column-is-layout-flow\">\n<div class=\"wp-block-group is-vertical is-layout-flex wp-container-core-group-is-layout-2c90304e wp-block-group-is-layout-flex\">\n<div class=\"wp-block-group is-vertical is-layout-flex wp-container-core-group-is-layout-2c90304e wp-block-group-is-layout-flex\">\n<div class=\"wp-block-group is-vertical is-layout-flex wp-container-core-group-is-layout-2c90304e wp-block-group-is-layout-flex\">\n<div class=\"wp-block-group is-vertical is-layout-flex wp-container-core-group-is-layout-2c90304e wp-block-group-is-layout-flex\">\n<p class=\"wp-block-paragraph\"><\/p>\n\n\n\n<p class=\"wp-block-paragraph\"><\/p>\n\n\n\n<p class=\"wp-block-paragraph\"><\/p>\n\n\n\n<p class=\"has-text-align-left wp-block-paragraph\"><br>Born in Victoria, British Columbia, Jean studied violin, piano and voice at the Victoria Conservatory of Music. She continued her studies in London, England with the renowned teacher Frederick Grinke, and in Canada, with Sydney Humphreys, Gwen Thompson, and Rivka Golani. Much in demand as a chamber musician, Jean has performed in chamber music concerts for CBC Arts National broadcasts, and has collaborated with young Canadian composers for the world premiere performances of their works for viola. Jean has been a member of the Victoria Symphony Orchestra, l&#8217;Orchestre symphonique de Qu\u00e9bec, l&#8217;Orchestre M\u00e9tropolitain, La Piet\u00e0 with Ang\u00e8le Dubeau, and was principal viola of the Montr\u00e9al Chamber Players.<br><br>Jean has built a solid reputation as a pedagogue, teaching violin, viola and chamber music at the Victoria Conservatory of Music, \u00c9cole Secondaire Pierre Laporte in Montr\u00e9al, and at CEGEP Vincent D\u2019Indy. In 2006, Jean was director of the Youth Program at the International Viola Congress and she is a Consulting Music Educator for the Norman Burgess Memorial Fund of the Canadian Music Centre.<br><br>As the Artistic Director and Conductor, she will lead the following ensembles:<\/p>\n\n\n\n<ul class=\"wp-block-list\">\n<li>Symphony Orchestra <\/li>\n\n\n\n<li>Sinfonietta<\/li>\n<\/ul>\n<\/div>\n<\/div>\n<\/div>\n<\/div>\n<\/div>\n<\/div>\n\n\n\n<hr class=\"wp-block-separator has-css-opacity is-style-wide\"\/>\n\n\n\n<div class=\"wp-block-columns is-layout-flex wp-container-core-columns-is-layout-7387b849 wp-block-columns-is-layout-flex\">\n<div class=\"wp-block-column is-layout-flow wp-block-column-is-layout-flow\">\n<p class=\"has-text-align-center has-large-font-size wp-block-paragraph\"><strong>Mayu Egan, Director<\/strong><\/p>\n\n\n\n<figure class=\"wp-block-image size-full is-resized\"><img loading=\"lazy\" decoding=\"async\" width=\"752\" height=\"966\" src=\"https:\/\/ojmr.ca\/wp-content\/uploads\/2024\/09\/Capture-decran-le-2024-09-21-a-14.59.59.png\" alt=\"\" class=\"wp-image-10573\" style=\"width:565px;height:auto\" srcset=\"https:\/\/ojmr.ca\/wp-content\/uploads\/2024\/09\/Capture-decran-le-2024-09-21-a-14.59.59.png 752w, https:\/\/ojmr.ca\/wp-content\/uploads\/2024\/09\/Capture-decran-le-2024-09-21-a-14.59.59-234x300.png 234w, https:\/\/ojmr.ca\/wp-content\/uploads\/2024\/09\/Capture-decran-le-2024-09-21-a-14.59.59-47x60.png 47w, https:\/\/ojmr.ca\/wp-content\/uploads\/2024\/09\/Capture-decran-le-2024-09-21-a-14.59.59-70x90.png 70w\" sizes=\"auto, (max-width: 752px) 100vw, 752px\" \/><\/figure>\n<\/div>\n\n\n\n<div class=\"wp-block-column is-layout-flow wp-block-column-is-layout-flow\">\n<div class=\"wp-block-group is-vertical is-layout-flex wp-container-core-group-is-layout-2c90304e wp-block-group-is-layout-flex\">\n<p class=\"wp-block-paragraph\"><\/p>\n\n\n\n<p class=\"wp-block-paragraph\"><\/p>\n\n\n\n<p class=\"has-text-align-left wp-block-paragraph\">Mayu has been playing the violin and viola for over 15 years, and has taken private lessons with Jean MacRae and Steven Dann. She has played in orchestras such as the FACE symphony and chamber orchestras, as well as the Orchestre des jeunes du mont Royal and the McGill Symphony Orchestra.<br><br>Mayu is currently finishing her Master\u2019s degree in Musicology at McGill\u2019s Schulich School of Music, where she got her Bachelor\u2019s Degree in Music in 2020.<\/p>\n\n\n\n<p class=\"wp-block-paragraph\">As a director, she will lead the following ensembles: <\/p>\n\n\n\n<ul class=\"wp-block-list\">\n<li>String Ensemble <\/li>\n<\/ul>\n\n\n\n<ul class=\"wp-block-list\">\n<li>DaCapo<\/li>\n<\/ul>\n<\/div>\n<\/div>\n<\/div>\n\n\n\n<div class=\"wp-block-columns is-layout-flex wp-container-core-columns-is-layout-7387b849 wp-block-columns-is-layout-flex\">\n<div class=\"wp-block-column is-layout-flow wp-block-column-is-layout-flow\">\n<p class=\"has-text-align-center has-large-font-size wp-block-paragraph\"><strong>Sylvie Allaire, Director<\/strong><\/p>\n\n\n\n<figure class=\"wp-block-image size-full is-resized\"><img loading=\"lazy\" decoding=\"async\" width=\"2081\" height=\"1693\" data-attachment-id=\"12220\" data-permalink=\"https:\/\/ojmr.ca\/en\/history-mission\/direction\/unknown-1-33-32-pm\/\" data-orig-file=\"https:\/\/ojmr.ca\/wp-content\/uploads\/2025\/10\/Unknown-1.33.32-PM-1.jpeg\" data-orig-size=\"2081,1693\" data-comments-opened=\"1\" data-image-meta=\"{&quot;aperture&quot;:&quot;1.8&quot;,&quot;credit&quot;:&quot;&quot;,&quot;camera&quot;:&quot;iPhone 11&quot;,&quot;caption&quot;:&quot;&quot;,&quot;created_timestamp&quot;:&quot;1694969176&quot;,&quot;copyright&quot;:&quot;&quot;,&quot;focal_length&quot;:&quot;4.25&quot;,&quot;iso&quot;:&quot;32&quot;,&quot;shutter_speed&quot;:&quot;0.0075187969924812&quot;,&quot;title&quot;:&quot;&quot;,&quot;orientation&quot;:&quot;1&quot;}\" data-image-title=\"Unknown 1.33.32\u202fPM\" data-image-description=\"\" data-image-caption=\"\" data-large-file=\"https:\/\/ojmr.ca\/wp-content\/uploads\/2025\/10\/Unknown-1.33.32-PM-1-1024x833.jpeg\" src=\"https:\/\/ojmr.ca\/wp-content\/uploads\/2025\/10\/Unknown-1.33.32-PM-1.jpeg\" alt=\"\" class=\"wp-image-12220\" style=\"width:565px;height:auto\" srcset=\"https:\/\/ojmr.ca\/wp-content\/uploads\/2025\/10\/Unknown-1.33.32-PM-1.jpeg 2081w, https:\/\/ojmr.ca\/wp-content\/uploads\/2025\/10\/Unknown-1.33.32-PM-1-300x244.jpeg 300w, https:\/\/ojmr.ca\/wp-content\/uploads\/2025\/10\/Unknown-1.33.32-PM-1-1024x833.jpeg 1024w, https:\/\/ojmr.ca\/wp-content\/uploads\/2025\/10\/Unknown-1.33.32-PM-1-768x625.jpeg 768w, https:\/\/ojmr.ca\/wp-content\/uploads\/2025\/10\/Unknown-1.33.32-PM-1-1536x1250.jpeg 1536w, https:\/\/ojmr.ca\/wp-content\/uploads\/2025\/10\/Unknown-1.33.32-PM-1-2048x1666.jpeg 2048w, https:\/\/ojmr.ca\/wp-content\/uploads\/2025\/10\/Unknown-1.33.32-PM-1-1200x976.jpeg 1200w\" sizes=\"auto, (max-width: 2081px) 100vw, 2081px\" \/><\/figure>\n<\/div>\n\n\n\n<div class=\"wp-block-column is-layout-flow wp-block-column-is-layout-flow\">\n<div class=\"wp-block-group is-vertical is-layout-flex wp-container-core-group-is-layout-2c90304e wp-block-group-is-layout-flex\">\n<p class=\"wp-block-paragraph\"><\/p>\n\n\n\n<p class=\"wp-block-paragraph\"><\/p>\n\n\n\n<p class=\"has-text-align-left wp-block-paragraph\">Sylvie Allaire is a graduate of McGill University, where she taught at the McGill Conservatory from 1988 to 2004 and conducted the Conservatory Orchestra from 1989 to 1993.<br><br>From 1999 to 2011, Ms. Allaire taught violin and conducted the string orchestras at \u00c9cole Des C\u00e8dres, part of the Commission scolaire de Laval. Under her leadership, these ensembles received numerous awards and distinctions.<br><br>Since 2004, she has been teaching violin and chamber ensembles at Vanier College.<br><br>As a violinist, Ms. Allaire performed with the Orchestre symphonique de Laval, the Orchestre symphonique de Trois-Rivi\u00e8res, the Orchestre symphonique de Longueuil, and the Orchestre des Grands Ballets Canadiens.<br><br>As a director, she will lead the following ensembles:<\/p>\n\n\n\n<ul class=\"wp-block-list\">\n<li>Dolce Musica <\/li>\n<\/ul>\n<\/div>\n<\/div>\n<\/div>\n\n\n\n<hr class=\"wp-block-separator has-css-opacity is-style-wide\"\/>\n\n\n\n<h1 class=\"wp-block-heading has-text-align-center has-huge-font-size\">Management<\/h1>\n\n\n\n<p class=\"has-text-align-center wp-block-paragraph\"><strong>Jean MacRae<\/strong>, Chef and Artistic Director<br><strong>Mahshad Nadalian<\/strong>, Artistic and Communications Assistant<\/p>\n\n\n\n<div class=\"wp-block-columns is-layout-flex wp-container-core-columns-is-layout-7387b849 wp-block-columns-is-layout-flex\">\n<div class=\"wp-block-column is-layout-flow wp-block-column-is-layout-flow\"><\/div>\n\n\n\n<div class=\"wp-block-column is-layout-flow wp-block-column-is-layout-flow\"><\/div>\n<\/div>\n","protected":false},"excerpt":{"rendered":"<p>Artistic Team Jean MacRae, Artistic Director Born in Victoria, British Columbia, Jean studied violin, piano and voice at the Victoria [&hellip;]<\/p>\n","protected":false},"author":152968768,"featured_media":0,"parent":2804,"menu_order":0,"comment_status":"closed","ping_status":"closed","template":"","meta":{"_acf_changed":false,"_coblocks_attr":"","_coblocks_dimensions":"","_coblocks_responsive_height":"","_coblocks_accordion_ie_support":"","inline_featured_image":false,"site-sidebar-layout":"default","site-content-layout":"","ast-site-content-layout":"","site-content-style":"default","site-sidebar-style":"default","ast-global-header-display":"","ast-banner-title-visibility":"","ast-main-header-display":"","ast-hfb-above-header-display":"","ast-hfb-below-header-display":"","ast-hfb-mobile-header-display":"","site-post-title":"","ast-breadcrumbs-content":"","ast-featured-img":"","footer-sml-layout":"","theme-transparent-header-meta":"","adv-header-id-meta":"","stick-header-meta":"","header-above-stick-meta":"","header-main-stick-meta":"","header-below-stick-meta":"","astra-migrate-meta-layouts":"default","ast-page-background-enabled":"default","ast-page-background-meta":{"desktop":{"background-color":"var(--ast-global-color-5)","background-image":"","background-repeat":"repeat","background-position":"center center","background-size":"auto","background-attachment":"scroll","background-type":"","background-media":"","overlay-type":"","overlay-color":"","overlay-opacity":"","overlay-gradient":""},"tablet":{"background-color":"","background-image":"","background-repeat":"repeat","background-position":"center center","background-size":"auto","background-attachment":"scroll","background-type":"","background-media":"","overlay-type":"","overlay-color":"","overlay-opacity":"","overlay-gradient":""},"mobile":{"background-color":"","background-image":"","background-repeat":"repeat","background-position":"center center","background-size":"auto","background-attachment":"scroll","background-type":"","background-media":"","overlay-type":"","overlay-color":"","overlay-opacity":"","overlay-gradient":""}},"ast-content-background-meta":{"desktop":{"background-color":"var(--ast-global-color-4)","background-image":"","background-repeat":"repeat","background-position":"center center","background-size":"auto","background-attachment":"scroll","background-type":"","background-media":"","overlay-type":"","overlay-color":"","overlay-opacity":"","overlay-gradient":""},"tablet":{"background-color":"var(--ast-global-color-4)","background-image":"","background-repeat":"repeat","background-position":"center center","background-size":"auto","background-attachment":"scroll","background-type":"","background-media":"","overlay-type":"","overlay-color":"","overlay-opacity":"","overlay-gradient":""},"mobile":{"background-color":"var(--ast-global-color-4)","background-image":"","background-repeat":"repeat","background-position":"center center","background-size":"auto","background-attachment":"scroll","background-type":"","background-media":"","overlay-type":"","overlay-color":"","overlay-opacity":"","overlay-gradient":""}},"_wpcom_ai_launchpad_about_page":false,"_wpcom_ai_launchpad_gallery_page":false,"_wpcom_ai_launchpad_contact_page":false,"_wpcom_ai_launchpad_events_page":false,"_wpcom_ai_launchpad_video_page":false,"_wpcom_ai_launchpad_portfolio_piece":false,"footnotes":""},"class_list":["post-10582","page","type-page","status-publish","hentry"],"acf":[],"yoast_head":"<!-- This site is optimized with the Yoast SEO plugin v28.4 - https:\/\/yoast.com\/product\/yoast-seo-wordpress\/ -->\n<title>Management - Orchestre des jeunes du mont-Royal<\/title>\n<meta name=\"robots\" content=\"index, follow, max-snippet:-1, max-image-preview:large, max-video-preview:-1\" \/>\n<link rel=\"canonical\" href=\"https:\/\/ojmr.ca\/en\/history-mission\/direction\/\" \/>\n<meta property=\"og:locale\" content=\"en_US\" \/>\n<meta property=\"og:type\" content=\"article\" \/>\n<meta property=\"og:title\" content=\"Management - Orchestre des jeunes du mont-Royal\" \/>\n<meta property=\"og:description\" content=\"Artistic Team Jean MacRae, Artistic Director Born in Victoria, British Columbia, Jean studied violin, piano and voice at the Victoria [&hellip;]\" \/>\n<meta property=\"og:url\" content=\"https:\/\/ojmr.ca\/en\/history-mission\/direction\/\" \/>\n<meta property=\"og:site_name\" content=\"Orchestre des jeunes du mont-Royal\" \/>\n<meta property=\"article:modified_time\" content=\"2026-06-17T00:41:16+00:00\" \/>\n<meta property=\"og:image\" content=\"https:\/\/ojmr.ca\/wp-content\/uploads\/2024\/09\/V8A4323-1-1024x683.jpg\" \/>\n\t<meta property=\"og:image:width\" content=\"1024\" \/>\n\t<meta property=\"og:image:height\" content=\"683\" \/>\n\t<meta property=\"og:image:type\" content=\"image\/jpeg\" \/>\n<meta name=\"twitter:card\" content=\"summary_large_image\" \/>\n<meta name=\"twitter:label1\" content=\"Est. reading time\" \/>\n\t<meta name=\"twitter:data1\" content=\"3 minutes\" \/>\n<script type=\"application\/ld+json\" class=\"yoast-schema-graph\">{\"@context\":\"https:\\\/\\\/schema.org\",\"@graph\":[{\"@type\":\"WebPage\",\"@id\":\"https:\\\/\\\/ojmr.ca\\\/en\\\/history-mission\\\/direction\\\/\",\"url\":\"https:\\\/\\\/ojmr.ca\\\/en\\\/history-mission\\\/direction\\\/\",\"name\":\"Management - Orchestre des jeunes du mont-Royal\",\"isPartOf\":{\"@id\":\"https:\\\/\\\/ojmr.ca\\\/en\\\/#website\"},\"primaryImageOfPage\":{\"@id\":\"https:\\\/\\\/ojmr.ca\\\/en\\\/history-mission\\\/direction\\\/#primaryimage\"},\"image\":{\"@id\":\"https:\\\/\\\/ojmr.ca\\\/en\\\/history-mission\\\/direction\\\/#primaryimage\"},\"thumbnailUrl\":\"https:\\\/\\\/ojmr.ca\\\/wp-content\\\/uploads\\\/2024\\\/09\\\/V8A4323-1.jpg\",\"datePublished\":\"2024-09-21T18:51:51+00:00\",\"dateModified\":\"2026-06-17T00:41:16+00:00\",\"breadcrumb\":{\"@id\":\"https:\\\/\\\/ojmr.ca\\\/en\\\/history-mission\\\/direction\\\/#breadcrumb\"},\"inLanguage\":\"en-US\",\"potentialAction\":[{\"@type\":\"ReadAction\",\"target\":[\"https:\\\/\\\/ojmr.ca\\\/en\\\/history-mission\\\/direction\\\/\"]}]},{\"@type\":\"ImageObject\",\"inLanguage\":\"en-US\",\"@id\":\"https:\\\/\\\/ojmr.ca\\\/en\\\/history-mission\\\/direction\\\/#primaryimage\",\"url\":\"https:\\\/\\\/ojmr.ca\\\/wp-content\\\/uploads\\\/2024\\\/09\\\/V8A4323-1.jpg\",\"contentUrl\":\"https:\\\/\\\/ojmr.ca\\\/wp-content\\\/uploads\\\/2024\\\/09\\\/V8A4323-1.jpg\"},{\"@type\":\"BreadcrumbList\",\"@id\":\"https:\\\/\\\/ojmr.ca\\\/en\\\/history-mission\\\/direction\\\/#breadcrumb\",\"itemListElement\":[{\"@type\":\"ListItem\",\"position\":1,\"name\":\"Accueil\",\"item\":\"https:\\\/\\\/ojmr.ca\\\/en\\\/\"},{\"@type\":\"ListItem\",\"position\":2,\"name\":\"History and Mission\",\"item\":\"https:\\\/\\\/ojmr.ca\\\/en\\\/history-mission\\\/\"},{\"@type\":\"ListItem\",\"position\":3,\"name\":\"Management\"}]},{\"@type\":\"WebSite\",\"@id\":\"https:\\\/\\\/ojmr.ca\\\/en\\\/#website\",\"url\":\"https:\\\/\\\/ojmr.ca\\\/en\\\/\",\"name\":\"Orchestre des jeunes du mont-Royal\",\"description\":\"Mount Royal Youth Orchestra\",\"publisher\":{\"@id\":\"https:\\\/\\\/ojmr.ca\\\/en\\\/#organization\"},\"potentialAction\":[{\"@type\":\"SearchAction\",\"target\":{\"@type\":\"EntryPoint\",\"urlTemplate\":\"https:\\\/\\\/ojmr.ca\\\/en\\\/?s={search_term_string}\"},\"query-input\":{\"@type\":\"PropertyValueSpecification\",\"valueRequired\":true,\"valueName\":\"search_term_string\"}}],\"inLanguage\":\"en-US\"},{\"@type\":\"Organization\",\"@id\":\"https:\\\/\\\/ojmr.ca\\\/en\\\/#organization\",\"name\":\"Orchestre des jeunes du mont-Royal\",\"url\":\"https:\\\/\\\/ojmr.ca\\\/en\\\/\",\"logo\":{\"@type\":\"ImageObject\",\"inLanguage\":\"en-US\",\"@id\":\"https:\\\/\\\/ojmr.ca\\\/en\\\/#\\\/schema\\\/logo\\\/image\\\/\",\"url\":\"https:\\\/\\\/ojmr.ca\\\/wp-content\\\/uploads\\\/2020\\\/01\\\/cropped-ojmr-logo.jpg\",\"contentUrl\":\"https:\\\/\\\/ojmr.ca\\\/wp-content\\\/uploads\\\/2020\\\/01\\\/cropped-ojmr-logo.jpg\",\"width\":512,\"height\":512,\"caption\":\"Orchestre des jeunes du mont-Royal\"},\"image\":{\"@id\":\"https:\\\/\\\/ojmr.ca\\\/en\\\/#\\\/schema\\\/logo\\\/image\\\/\"}}]}<\/script>\n<!-- \/ Yoast SEO plugin. -->","yoast_head_json":{"title":"Management - Orchestre des jeunes du mont-Royal","robots":{"index":"index","follow":"follow","max-snippet":"max-snippet:-1","max-image-preview":"max-image-preview:large","max-video-preview":"max-video-preview:-1"},"canonical":"https:\/\/ojmr.ca\/en\/history-mission\/direction\/","og_locale":"en_US","og_type":"article","og_title":"Management - Orchestre des jeunes du mont-Royal","og_description":"Artistic Team Jean MacRae, Artistic Director Born in Victoria, British Columbia, Jean studied violin, piano and voice at the Victoria [&hellip;]","og_url":"https:\/\/ojmr.ca\/en\/history-mission\/direction\/","og_site_name":"Orchestre des jeunes du mont-Royal","article_modified_time":"2026-06-17T00:41:16+00:00","og_image":[{"width":1024,"height":683,"url":"https:\/\/ojmr.ca\/wp-content\/uploads\/2024\/09\/V8A4323-1-1024x683.jpg","type":"image\/jpeg"}],"twitter_card":"summary_large_image","twitter_misc":{"Est. reading time":"3 minutes"},"schema":{"@context":"https:\/\/schema.org","@graph":[{"@type":"WebPage","@id":"https:\/\/ojmr.ca\/en\/history-mission\/direction\/","url":"https:\/\/ojmr.ca\/en\/history-mission\/direction\/","name":"Management - Orchestre des jeunes du mont-Royal","isPartOf":{"@id":"https:\/\/ojmr.ca\/en\/#website"},"primaryImageOfPage":{"@id":"https:\/\/ojmr.ca\/en\/history-mission\/direction\/#primaryimage"},"image":{"@id":"https:\/\/ojmr.ca\/en\/history-mission\/direction\/#primaryimage"},"thumbnailUrl":"https:\/\/ojmr.ca\/wp-content\/uploads\/2024\/09\/V8A4323-1.jpg","datePublished":"2024-09-21T18:51:51+00:00","dateModified":"2026-06-17T00:41:16+00:00","breadcrumb":{"@id":"https:\/\/ojmr.ca\/en\/history-mission\/direction\/#breadcrumb"},"inLanguage":"en-US","potentialAction":[{"@type":"ReadAction","target":["https:\/\/ojmr.ca\/en\/history-mission\/direction\/"]}]},{"@type":"ImageObject","inLanguage":"en-US","@id":"https:\/\/ojmr.ca\/en\/history-mission\/direction\/#primaryimage","url":"https:\/\/ojmr.ca\/wp-content\/uploads\/2024\/09\/V8A4323-1.jpg","contentUrl":"https:\/\/ojmr.ca\/wp-content\/uploads\/2024\/09\/V8A4323-1.jpg"},{"@type":"BreadcrumbList","@id":"https:\/\/ojmr.ca\/en\/history-mission\/direction\/#breadcrumb","itemListElement":[{"@type":"ListItem","position":1,"name":"Accueil","item":"https:\/\/ojmr.ca\/en\/"},{"@type":"ListItem","position":2,"name":"History and Mission","item":"https:\/\/ojmr.ca\/en\/history-mission\/"},{"@type":"ListItem","position":3,"name":"Management"}]},{"@type":"WebSite","@id":"https:\/\/ojmr.ca\/en\/#website","url":"https:\/\/ojmr.ca\/en\/","name":"Orchestre des jeunes du mont-Royal","description":"Mount Royal Youth Orchestra","publisher":{"@id":"https:\/\/ojmr.ca\/en\/#organization"},"potentialAction":[{"@type":"SearchAction","target":{"@type":"EntryPoint","urlTemplate":"https:\/\/ojmr.ca\/en\/?s={search_term_string}"},"query-input":{"@type":"PropertyValueSpecification","valueRequired":true,"valueName":"search_term_string"}}],"inLanguage":"en-US"},{"@type":"Organization","@id":"https:\/\/ojmr.ca\/en\/#organization","name":"Orchestre des jeunes du mont-Royal","url":"https:\/\/ojmr.ca\/en\/","logo":{"@type":"ImageObject","inLanguage":"en-US","@id":"https:\/\/ojmr.ca\/en\/#\/schema\/logo\/image\/","url":"https:\/\/ojmr.ca\/wp-content\/uploads\/2020\/01\/cropped-ojmr-logo.jpg","contentUrl":"https:\/\/ojmr.ca\/wp-content\/uploads\/2020\/01\/cropped-ojmr-logo.jpg","width":512,"height":512,"caption":"Orchestre des jeunes du mont-Royal"},"image":{"@id":"https:\/\/ojmr.ca\/en\/#\/schema\/logo\/image\/"}}]}},"jetpack_likes_enabled":false,"jetpack_sharing_enabled":true,"jetpack_shortlink":"https:\/\/wp.me\/PaJndf-2KG","amp_enabled":true,"_links":{"self":[{"href":"https:\/\/ojmr.ca\/en\/wp-json\/wp\/v2\/pages\/10582","targetHints":{"allow":["GET"]}}],"collection":[{"href":"https:\/\/ojmr.ca\/en\/wp-json\/wp\/v2\/pages"}],"about":[{"href":"https:\/\/ojmr.ca\/en\/wp-json\/wp\/v2\/types\/page"}],"author":[{"embeddable":true,"href":"https:\/\/ojmr.ca\/en\/wp-json\/wp\/v2\/users\/152968768"}],"replies":[{"embeddable":true,"href":"https:\/\/ojmr.ca\/en\/wp-json\/wp\/v2\/comments?post=10582"}],"version-history":[{"count":6,"href":"https:\/\/ojmr.ca\/en\/wp-json\/wp\/v2\/pages\/10582\/revisions"}],"predecessor-version":[{"id":12791,"href":"https:\/\/ojmr.ca\/en\/wp-json\/wp\/v2\/pages\/10582\/revisions\/12791"}],"up":[{"embeddable":true,"href":"https:\/\/ojmr.ca\/en\/wp-json\/wp\/v2\/pages\/2804"}],"wp:attachment":[{"href":"https:\/\/ojmr.ca\/en\/wp-json\/wp\/v2\/media?parent=10582"}],"curies":[{"name":"wp","href":"https:\/\/api.w.org\/{rel}","templated":true}]}}